{"id":19059,"date":"2022-11-10T13:53:35","date_gmt":"2022-11-10T12:53:35","guid":{"rendered":"https:\/\/arbark.se\/?page_id=19059"},"modified":"2022-11-10T13:53:37","modified_gmt":"2022-11-10T12:53:37","slug":"nar-viruset-kom-till-jobbet-berattelser-om-covid-19","status":"publish","type":"page","link":"https:\/\/arbark.se\/sv\/forskning\/projekt\/nar-viruset-kom-till-jobbet-berattelser-om-covid-19\/","title":{"rendered":"N\u00e4r viruset kom till jobbet \u2013 ber\u00e4ttelser om covid-19"},"content":{"rendered":"\n<p><strong>I projektet\u00a0<em>N\u00e4r viruset kom till jobbet<\/em>\u00a0samlade Arbetarr\u00f6relsens arkiv och bibliotek in ber\u00e4ttelser om arbetssituationen under covid-19-pandemin fr\u00e5n medlemmar i LO-f\u00f6rbunden.<\/strong><\/p>\n\n\n\n<figure class=\"wp-block-image size-large\"><img loading=\"lazy\" decoding=\"async\" width=\"1024\" height=\"672\" src=\"https:\/\/arbark.se\/wp-content\/uploads\/2020\/09\/covid-19-4922384_v2-1024x672.jpg\" alt=\"\" class=\"wp-image-15735\" srcset=\"https:\/\/arbark.se\/wp-content\/dokument\/2020\/09\/covid-19-4922384_v2-1024x672.jpg 1024w, https:\/\/arbark.se\/wp-content\/dokument\/2020\/09\/covid-19-4922384_v2-300x197.jpg 300w, https:\/\/arbark.se\/wp-content\/dokument\/2020\/09\/covid-19-4922384_v2.jpg 1392w\" sizes=\"auto, (max-width: 1024px) 100vw, 1024px\" \/><\/figure>\n\n\n\n<p>Arbetarr\u00f6relsens arkiv och bibliotek har samlat in ber\u00e4ttelser om hur covid-19-pandemin har p\u00e5verkat arbetsvillkor och arbetsmilj\u00f6. Alla som var aktiva eller har varit medlem i ett LO-f\u00f6rbund under pandemin var v\u00e4lkommen att delta. Enk\u00e4ten riktade sig enbart till de som hade fyllt 18 och var i arbetsf\u00f6r \u00e5lder.<\/p>\n\n\n\n<p>Insamlingen p\u00e5gick fr\u00e5n oktober 2020 till och med januari 2022, med flrl\u00e4ngning till mars 2022. Insamlingen skedde genom ett webbformul\u00e4r, som l\u00e5h p\u00e5 v\u00e5r egen server.Vi spred informationen om enk\u00e4ten via LO-f\u00f6rbunden samt i v\u00e5ra egna kanaler.<\/p>\n\n\n\n<p>Arkivarier med erfarenhet av att hantera k\u00e4nsligt material arbetade med projektet. Materialet r\u00e5der under sekretess och originaltexterna i sin helhet blir tillg\u00e4ngliga f\u00f6rst efter 70 \u00e5r. Vi gjorde en kopia av text, d\u00e4r vi tog bort alla detaljer som g\u00f6r det m\u00f6jligt att identifiera respondenterna. De anonymiserade ber\u00e4ttelserna kommer att bli tillg\u00e4ngliga fr\u00e5n och med v\u00e5ren 2023.<\/p>\n\n\n\n<p>Det var frivilligt att delta och de deltagande kunde n\u00e4r som helst avbryta sitt deltagande utan att uppge n\u00e5got sk\u00e4l.<\/p>\n\n\n\n<p>Det h\u00e4r \u00e4r n\u00e5gra exempel p\u00e5 fr\u00e5gor som \u00e5terfanns i enk\u00e4ten:<\/p>\n\n\n\n<ul class=\"wp-block-list\"><li>Hur har covid-19 p\u00e5verkat din arbetssituation och vilken roll spelar ditt fackf\u00f6rbund i denna specifika situation?<\/li><li>Har det skett f\u00f6r\u00e4ndringar i din anst\u00e4llning med anledning av covid-19? P\u00e5 vilket s\u00e4tt?<\/li><li>Har arbetsvillkoren och arbetsmilj\u00f6n f\u00f6r\u00e4ndrats p\u00e5 grund av pandemin, och i s\u00e5 fall p\u00e5 vilket s\u00e4tt?<\/li><li>Har arbetstiden, l\u00f6nen och eller m\u00f6jligheten att ta ut kompensation f\u00f6r f\u00f6r\u00e4ndrade arbetstider p\u00e5verkats?<\/li><li>Vad finns det f\u00f6r skydd p\u00e5 arbetsplatsen f\u00f6r dig som individ fr\u00e5n smittan?&nbsp;<\/li><li>Har ditt fackf\u00f6rbund varit till st\u00f6d f\u00f6r dig under pandemin? P\u00e5 vilket s\u00e4tt?&nbsp;&nbsp;&nbsp;<\/li><\/ul>\n\n\n\n<p>F\u00f6r fr\u00e5gor om insamlingen, kontakta Catalina Benavente, arkivarie, p\u00e5 catalina.benavente[a]arbark.se eller 08-412 39 34.<\/p>\n","protected":false},"excerpt":{"rendered":"<p>I projektet\u00a0N\u00e4r viruset kom till jobbet\u00a0samlade Arbetarr\u00f6relsens arkiv och bibliotek in ber\u00e4ttelser om arbetssituationen under covid-19-pandemin fr\u00e5n medlemmar i LO-f\u00f6rbunden. Arbetarr\u00f6relsens arkiv och bibliotek har samlat in ber\u00e4ttelser om hur [&hellip;]<\/p>\n","protected":false},"author":27,"featured_media":15735,"parent":419,"menu_order":0,"comment_status":"closed","ping_status":"closed","template":"","meta":{"ngg_post_thumbnail":0,"footnotes":""},"class_list":["post-19059","page","type-page","status-publish","has-post-thumbnail","czr-hentry"],"_links":{"self":[{"href":"https:\/\/arbark.se\/sv\/wp-json\/wp\/v2\/pages\/19059","targetHints":{"allow":["GET"]}}],"collection":[{"href":"https:\/\/arbark.se\/sv\/wp-json\/wp\/v2\/pages"}],"about":[{"href":"https:\/\/arbark.se\/sv\/wp-json\/wp\/v2\/types\/page"}],"author":[{"embeddable":true,"href":"https:\/\/arbark.se\/sv\/wp-json\/wp\/v2\/users\/27"}],"replies":[{"embeddable":true,"href":"https:\/\/arbark.se\/sv\/wp-json\/wp\/v2\/comments?post=19059"}],"version-history":[{"count":1,"href":"https:\/\/arbark.se\/sv\/wp-json\/wp\/v2\/pages\/19059\/revisions"}],"predecessor-version":[{"id":19061,"href":"https:\/\/arbark.se\/sv\/wp-json\/wp\/v2\/pages\/19059\/revisions\/19061"}],"up":[{"embeddable":true,"href":"https:\/\/arbark.se\/sv\/wp-json\/wp\/v2\/pages\/419"}],"wp:featuredmedia":[{"embeddable":true,"href":"https:\/\/arbark.se\/sv\/wp-json\/wp\/v2\/media\/15735"}],"wp:attachment":[{"href":"https:\/\/arbark.se\/sv\/wp-json\/wp\/v2\/media?parent=19059"}],"curies":[{"name":"wp","href":"https:\/\/api.w.org\/{rel}","templated":true}]}}