{"id":2,"date":"2008-12-18T16:53:42","date_gmt":"2008-12-18T15:53:42","guid":{"rendered":"https:\/\/arbark.se\/?page_id=2"},"modified":"2024-01-17T10:37:28","modified_gmt":"2024-01-17T09:37:28","slug":"om","status":"publish","type":"page","link":"https:\/\/arbark.se\/sv\/om\/","title":{"rendered":"Om oss"},"content":{"rendered":"<p><strong>Vi \u00e4r en frist\u00e5ende stiftelse med den svenska staten, LO och Socialdemokraterna som huvudm\u00e4n. Vi grundades 1902 och f\u00f6renar arkiv, bibliotek och forskningsfr\u00e4mjande verksamhet med en egen tidskrift, ett forskningsr\u00e5d, seminarier och publikationer.<\/strong><\/p>\n<div style=\"float: left; padding: 1.5em;\">\n<h4>Mer om oss<\/h4>\n<ul>\n<li><a title=\"V\u00e5r historia\" href=\"https:\/\/arbark.se\/om\/var-historia\/\">V\u00e5r historia<\/a><\/li>\n<li><a title=\"Stadgar f\u00f6r Stiftelsen Arbetarr\u00f6relsens arkiv och bibliotek\" href=\"https:\/\/arbark.se\/om\/stadgar\/\">Stadgar<\/a><\/li>\n<li><a title=\"V\u00e5r styrelse\" href=\"https:\/\/arbark.se\/om\/styrelsen\/\">Styrelsen<\/a><\/li>\n<li><a title=\"St\u00f6df\u00f6reningen\" href=\"https:\/\/arbark.se\/om\/stodforeningen\/\">St\u00f6df\u00f6reningen<\/a><\/li>\n<li><a title=\"Arbetarnas kulturhistoriska s\u00e4llskap - v\u00e5r v\u00e4nf\u00f6rening\" href=\"https:\/\/arbark.se\/om\/aks\/\">AKS &#8211; v\u00e5r v\u00e4nf\u00f6rening<\/a><\/li>\n<\/ul>\n<\/div>\n<p><strong>F\u00f6rsta paragrafen<\/strong> i stadgarna fastst\u00e4ller att vi ska \u00bbsamla, v\u00e5rda och f\u00f6rteckna\u00ab samt \u00bbunderl\u00e4tta den forskande och studerande allm\u00e4nhetens m\u00f6jligheter att ta del av institutionens material.\u00ab Detta g\u00f6r vi enligt f\u00f6ljande:<\/p>\n<p><strong>Arkiv.<\/strong> Fler \u00e4n 5.000 arkiv fr\u00e5n politiska, fackliga och andra organisationer och en m\u00e4ngd personarkiv dokumenterar den svenska arbetarr\u00f6relsens historia. Vidare finns drygt 120 utl\u00e4ndska arkiv. Omf\u00e5ngsrika samlingar av fotografier och diabilder, affischer, filmer, ljudupptagningar, fanor, m\u00e4rken och f\u00f6rem\u00e5l f\u00f6rmedlar kompletterande historisk information. B\u00e5de nya och kompletteringar till \u00e4ldre arkiv tillkommer varje \u00e5r.<\/p>\n<p><strong>Bibliotek.<\/strong> Vi \u00e4r ett vetenskapligt specialbibliotek med ett best\u00e5nd som speglar den fackliga och politiska arbetarr\u00f6relsens historia, teori och organisationer. H\u00e4r finns de tryckta k\u00e4llorna: kongresstryck, protokoll, verksamhetsber\u00e4ttelser, fackf\u00f6rbundspress och m\u00e5nga socialistiska r\u00f6relsers tidningar och tidskrifter. \u00c4mnesm\u00e4ssigt \u00e4r litteraturen mer vittf\u00f6rgrenad, och vi kan beskrivas som ett allm\u00e4nt samh\u00e4llsvetenskapligt bibliotek.<\/p>\n<p>Sammantaget f\u00f6rvaltar vi en historisk kulturskatt av nationellt och internationellt intresse.<\/p>\n<p><strong>Forskningsfr\u00e4mjande.<\/strong> En ytterligare uppgift \u00e4r att fr\u00e4mja forskning om arbetarr\u00f6relsens historia, vilket vi g\u00f6r genom konferenser, seminarier, publikationer och deltagande i olika externa arbetsgrupper. Vi ger handledare vid universitet och h\u00f6gskolor r\u00e5d om forskningsomr\u00e5den, uppsats\u00e4mnen och seminarieplanering. F\u00f6r att \u00f6ka kunskaperna om och intresset f\u00f6r arbetarr\u00f6relsens historia medverkar vi ocks\u00e5 i utst\u00e4llningar och ger ut tidskriften <a title=\"Arbetarhistoria\" href=\"http:\/\/www.arbetarhistoria.se\">Arbetarhistoria<\/a>. F\u00f6r att sprida k\u00e4nnedom om historiskt k\u00e4llmaterial och litteratur anordnar vi gruppvisningar.<\/p>\n","protected":false},"excerpt":{"rendered":"<p>Vi \u00e4r en frist\u00e5ende stiftelse med den svenska staten, LO och Socialdemokraterna som huvudm\u00e4n. Vi grundades 1902 och f\u00f6renar arkiv, bibliotek och forskningsfr\u00e4mjande verksamhet med en egen tidskrift, ett forskningsr\u00e5d, [&hellip;]<\/p>\n","protected":false},"author":23,"featured_media":0,"parent":0,"menu_order":0,"comment_status":"closed","ping_status":"closed","template":"","meta":{"ngg_post_thumbnail":0,"footnotes":""},"class_list":["post-2","page","type-page","status-publish","czr-hentry"],"_links":{"self":[{"href":"https:\/\/arbark.se\/sv\/wp-json\/wp\/v2\/pages\/2","targetHints":{"allow":["GET"]}}],"collection":[{"href":"https:\/\/arbark.se\/sv\/wp-json\/wp\/v2\/pages"}],"about":[{"href":"https:\/\/arbark.se\/sv\/wp-json\/wp\/v2\/types\/page"}],"author":[{"embeddable":true,"href":"https:\/\/arbark.se\/sv\/wp-json\/wp\/v2\/users\/23"}],"replies":[{"embeddable":true,"href":"https:\/\/arbark.se\/sv\/wp-json\/wp\/v2\/comments?post=2"}],"version-history":[{"count":11,"href":"https:\/\/arbark.se\/sv\/wp-json\/wp\/v2\/pages\/2\/revisions"}],"predecessor-version":[{"id":20312,"href":"https:\/\/arbark.se\/sv\/wp-json\/wp\/v2\/pages\/2\/revisions\/20312"}],"wp:attachment":[{"href":"https:\/\/arbark.se\/sv\/wp-json\/wp\/v2\/media?parent=2"}],"curies":[{"name":"wp","href":"https:\/\/api.w.org\/{rel}","templated":true}]}}