{"id":46,"date":"2009-01-07T10:34:56","date_gmt":"2009-01-07T09:34:56","guid":{"rendered":"https:\/\/arbark.se\/?page_id=46"},"modified":"2025-10-16T12:46:06","modified_gmt":"2025-10-16T10:46:06","slug":"forskningsradet","status":"publish","type":"page","link":"https:\/\/arbark.se\/sv\/forskning\/forskningsradet\/","title":{"rendered":"Forskningsr\u00e5det"},"content":{"rendered":"<p><strong>Forskningsr\u00e5det vid Arbetarr\u00f6relsens arkiv och bibliotek \u00e4r ett vetenskapligt r\u00e5dgivande organ och inte anslagsgivare. Till uppgifterna h\u00f6r att fr\u00e4mja forskningen om arbetarr\u00f6relsens historia, att sprida forskningsresultat och att fr\u00e4mja en dialog mellan forskare och organisationsrepresentanter.<\/strong><\/p>\n<p>R\u00e5det b\u00f6rjade sin verksamhet 1981. R\u00e5dets ledam\u00f6ter kommer b\u00e5de fr\u00e5n forsknings- och organisationsmilj\u00f6er. Ledam\u00f6terna utses av styrelsen f\u00f6r Arbetarr\u00f6relsens arkiv och bibliotek. Institutionschefen ing\u00e5r i r\u00e5det. V\u00e5r forskningssekreterare fungerar som r\u00e5dets sekreterare.<\/p>\n<p>R\u00e5det anordnar st\u00f6rre seminarier, i regel minst ett st\u00f6rre om \u00e5ret, ofta i samarbete med andra institutioner eller organisationer. Seminarierna dokumenteras ofta i tidskriften <em>Arbetarhistoria<\/em>. R\u00e5det st\u00e5r bakom viss bokutgivning.<\/p>\n<p>R\u00e5dets sammantr\u00e4den, cirka tre om \u00e5ret, kombineras ofta med kortare seminarier d\u00e4r planerad, p\u00e5g\u00e5ende eller nyss avslutad forskning presenteras.<\/p>\n<p>R\u00e5det delar sedan 1995 \u00e5rligen ut Rudolf Meidner-priset f\u00f6r forskning i fackf\u00f6reningsr\u00f6relsens historia.<br \/>\nLedam\u00f6terna i forskningsr\u00e5det:<\/p>\n<ul>\n<li>Ordf\u00f6rande Ella Niia, (Nyk\u00f6ping)<\/li>\n<li>Nina Trige Andersen, journalist och historiker (K\u00f6penhamn\/Mexico City)&nbsp;<\/li>\n<li>Lars Berggren, historiker (Lund\/Malm\u00f6)<\/li>\n<li>Stefan Carl\u00e9n, chefekonom Handelsanst\u00e4lldas F\u00f6rbund (Stockholm)<\/li>\n<li>Jenny Jansson, statsvetare (Uppsala)<\/li>\n<li>Inger Jonsson, ekonomhistoriker (Uppsala)<\/li>\n<li>Matias Kaihovirta, historiker (\u00c5bo)<\/li>\n<li>Martin Klepke, journalist (Stockholm)<\/li>\n<li>Joakim Johansson, institutionschef Arbetarr\u00f6relsens arkiv och bibliotek (Huddinge)<\/li>\n<li>Johanna Overud, historiker (Ume\u00e5)<\/li>\n<li>Hanne \u00d8sthus, historiker (Oslo)&nbsp;<\/li>\n<li>Magnus Nilsson, litteraturvetare (Malm\u00f6)<\/li>\n<li>Malin Nilsson, ekonomhistoriker (Lund)<\/li>\n<li>Johan Svanberg, historiker (Stockholm)<\/li>\n<li>Lisa Pelling, statsvetare, chef f\u00f6r tankesmedjan Arena Id\u00e9 (Stockholm)<\/li>\n<li>Jenny Wrangborg, utredare Handelsanst\u00e4lldas f\u00f6rbund (Stockholm)<\/li>\n<li>Silke Neunsinger, ekonomhistoriker (r\u00e5dets sekreterare)<\/li>\n<\/ul>\n","protected":false},"excerpt":{"rendered":"<p>Forskningsr\u00e5det vid Arbetarr\u00f6relsens arkiv och bibliotek \u00e4r ett vetenskapligt r\u00e5dgivande organ och inte anslagsgivare. Till uppgifterna h\u00f6r att fr\u00e4mja forskningen om arbetarr\u00f6relsens historia, att sprida forskningsresultat och att fr\u00e4mja en [&hellip;]<\/p>\n","protected":false},"author":23,"featured_media":0,"parent":26,"menu_order":0,"comment_status":"closed","ping_status":"closed","template":"","meta":{"ngg_post_thumbnail":0,"footnotes":""},"class_list":["post-46","page","type-page","status-publish","czr-hentry"],"_links":{"self":[{"href":"https:\/\/arbark.se\/sv\/wp-json\/wp\/v2\/pages\/46","targetHints":{"allow":["GET"]}}],"collection":[{"href":"https:\/\/arbark.se\/sv\/wp-json\/wp\/v2\/pages"}],"about":[{"href":"https:\/\/arbark.se\/sv\/wp-json\/wp\/v2\/types\/page"}],"author":[{"embeddable":true,"href":"https:\/\/arbark.se\/sv\/wp-json\/wp\/v2\/users\/23"}],"replies":[{"embeddable":true,"href":"https:\/\/arbark.se\/sv\/wp-json\/wp\/v2\/comments?post=46"}],"version-history":[{"count":25,"href":"https:\/\/arbark.se\/sv\/wp-json\/wp\/v2\/pages\/46\/revisions"}],"predecessor-version":[{"id":21368,"href":"https:\/\/arbark.se\/sv\/wp-json\/wp\/v2\/pages\/46\/revisions\/21368"}],"up":[{"embeddable":true,"href":"https:\/\/arbark.se\/sv\/wp-json\/wp\/v2\/pages\/26"}],"wp:attachment":[{"href":"https:\/\/arbark.se\/sv\/wp-json\/wp\/v2\/media?parent=46"}],"curies":[{"name":"wp","href":"https:\/\/api.w.org\/{rel}","templated":true}]}}