{"id":12112,"date":"2017-09-05T11:29:37","date_gmt":"2017-09-05T09:29:37","guid":{"rendered":"https:\/\/arbark.se\/sv\/?post_type=tribe_events&#038;p=12112\/"},"modified":"2017-09-05T16:08:28","modified_gmt":"2017-09-05T14:08:28","slug":"kata-dalstrom-agitatorn-som-gick-sin-egen-vag","status":"publish","type":"tribe_events","link":"https:\/\/arbark.se\/sv\/events\/kata-dalstrom-agitatorn-som-gick-sin-egen-vag\/","title":{"rendered":"Kata Dalstr\u00f6m \u2013 Agitatorn som gick sin egen v\u00e4g"},"content":{"rendered":"<p><img loading=\"lazy\" decoding=\"async\" class=\"alignright size-medium wp-image-12113\" src=\"https:\/\/arbark.se\/wp-content\/uploads\/2017\/09\/KataDalstromRGB-518x800-194x300.jpg\" alt=\"\" width=\"194\" height=\"300\" srcset=\"https:\/\/arbark.se\/wp-content\/dokument\/2017\/09\/KataDalstromRGB-518x800-194x300.jpg 194w, https:\/\/arbark.se\/wp-content\/dokument\/2017\/09\/KataDalstromRGB-518x800.jpg 518w\" sizes=\"auto, (max-width: 194px) 100vw, 194px\" \/><br \/>\n<strong>1894 g\u00f6r Katarina \u201dKata\u201d Dalstr\u00f6m skandal.<\/strong> Hon \u00e4r trettiosex \u00e5r, uppvuxen i en f\u00f6rm\u00f6gen familj och gift med en konservativ man \u2013 \u00e4nd\u00e5 blir hon socialdemokrat! Som en av den tidiga kvinno- och arbetarr\u00f6relsens fr\u00e4msta agitatorer blir hon senare den f\u00f6rsta kvinnan som n\u00e5r toppen i ett svenskt parti.<\/p>\n<p>Hon hamnar i opposition med partiledningen men \u00e4r \u00e4lskad och beundrad av arbetarna ute i landet, d\u00e4r hon med d\u00e5tidens form av home party ses som en levande legend. Privatlivet \u00e4r lika stormigt som det politiska. Hennes \u00e4ktenskap \u00e4r turbulent, hon f\u00f6der sju barn, blir spiritist och buddhist och har flera k\u00e4rleksaff\u00e4rer.<\/p>\n<p>Kata var ett lysande levnads\u00f6de. Utan karakt\u00e4rer som henne hade utvecklingen mot ett mer demokratiskt och j\u00e4mst\u00e4llt samh\u00e4lle inte varit m\u00f6jlig.<\/p>\n<p><strong>M\u00f6t f\u00f6rfattaren Gunnela Bj\u00f6rk<\/strong> som i sin nya bok skildrar Kata Dalstr\u00f6ms privata och offentliga liv men \u00e4ven ger en levande bild av ett Sverige p\u00e5 v\u00e4g in i en modernare tid. Sj\u00e4lvklart \u00e4ger samtalet rum i ABF-husets stora f\u00f6rel\u00e4sningssal Katasalen.<\/p>\n<p>&nbsp;<\/p>\n<p>Deltagande i seminariet kr\u00e4ver biljett. <a href=\"https:\/\/billetto.se\/e\/kata-dalstrom-agitatorn-som-gick-sin-egen-vag-biljetter-212490\">K\u00f6p biljetter via Billetto <\/a><\/p>\n","protected":false},"excerpt":{"rendered":"<p>1894 g\u00f6r Katarina \u201dKata\u201d Dalstr\u00f6m skandal. Hon \u00e4r trettiosex \u00e5r, uppvuxen i en f\u00f6rm\u00f6gen familj och gift med en konservativ man \u2013 \u00e4nd\u00e5 blir hon socialdemokrat! Som en av den [&hellip;]<\/p>\n","protected":false},"author":1,"featured_media":12113,"template":"","meta":{"ngg_post_thumbnail":0,"_tribe_events_status":"","_tribe_events_status_reason":"","footnotes":""},"tags":[428],"tribe_events_cat":[],"class_list":{"0":"post-12112","1":"tribe_events","2":"type-tribe_events","3":"status-publish","4":"has-post-thumbnail","6":"tag-kata-dalstrom","7":"czr-hentry"},"_links":{"self":[{"href":"https:\/\/arbark.se\/sv\/wp-json\/wp\/v2\/tribe_events\/12112","targetHints":{"allow":["GET"]}}],"collection":[{"href":"https:\/\/arbark.se\/sv\/wp-json\/wp\/v2\/tribe_events"}],"about":[{"href":"https:\/\/arbark.se\/sv\/wp-json\/wp\/v2\/types\/tribe_events"}],"author":[{"embeddable":true,"href":"https:\/\/arbark.se\/sv\/wp-json\/wp\/v2\/users\/1"}],"version-history":[{"count":1,"href":"https:\/\/arbark.se\/sv\/wp-json\/wp\/v2\/tribe_events\/12112\/revisions"}],"predecessor-version":[{"id":12114,"href":"https:\/\/arbark.se\/sv\/wp-json\/wp\/v2\/tribe_events\/12112\/revisions\/12114"}],"wp:featuredmedia":[{"embeddable":true,"href":"https:\/\/arbark.se\/sv\/wp-json\/wp\/v2\/media\/12113"}],"wp:attachment":[{"href":"https:\/\/arbark.se\/sv\/wp-json\/wp\/v2\/media?parent=12112"}],"wp:term":[{"taxonomy":"post_tag","embeddable":true,"href":"https:\/\/arbark.se\/sv\/wp-json\/wp\/v2\/tags?post=12112"},{"taxonomy":"tribe_events_cat","embeddable":true,"href":"https:\/\/arbark.se\/sv\/wp-json\/wp\/v2\/tribe_events_cat?post=12112"}],"curies":[{"name":"wp","href":"https:\/\/api.w.org\/{rel}","templated":true}]}}