{"id":13456,"date":"2019-09-09T07:08:56","date_gmt":"2019-09-09T05:08:56","guid":{"rendered":"https:\/\/arbark.se\/sv\/?post_type=tribe_events&#038;p=13456\/"},"modified":"2020-02-05T16:08:35","modified_gmt":"2020-02-05T15:08:35","slug":"att-na-ut-arbetarhistoria-for-2000-talet","status":"publish","type":"tribe_events","link":"https:\/\/arbark.se\/sv\/events\/att-na-ut-arbetarhistoria-for-2000-talet\/","title":{"rendered":"Att n\u00e5 ut. Arbetarhistoria f\u00f6r 2000-talet"},"content":{"rendered":"<p><strong>Under seminariet <\/strong>diskuterar f\u00f6retr\u00e4dare f\u00f6r de fackliga och politiska grenarna av arbetarr\u00f6relsen tillsammans med forskare m\u00f6jligheter och strategier f\u00f6r att n\u00e5 ut med kunskapen om arbetarr\u00f6relsen historia. Seminariet \u00e4r \u00f6ppet men kr\u00e4ver anm\u00e4lan. V\u00e4lkommen!<\/p>\n<p>OBS! Anm\u00e4lan \u00e4r tyv\u00e4rr st\u00e4ngd fr\u00e5n 5\/2 p\u00e5 grund av att vi har n\u00e5tt gr\u00e4nsen f\u00f6r hur m\u00e5nga vi f\u00e5r vara i lokalen.<\/p>\n<p>Seminariet genomf\u00f6rs i form av tv\u00e5 paneler d\u00e4r var och en f\u00e5r tio minuter att reflektera kring vilka m\u00f6jligheter som finns eller beh\u00f6vs f\u00f6r att kunna f\u00f6rmedla arbetarr\u00f6relsens och industrisamh\u00e4llet historia brett i samh\u00e4llet. Konservativa krafter f\u00f6rs\u00f6ker idag skriva om arbetarr\u00f6relsens historia \u2013 vad beh\u00f6ver vi f\u00f6r strategier f\u00f6r att dels motverka detta, dels lyfta fram en helhetsbild.&nbsp;<\/p>\n<p>D\u00e4refter ges m\u00f6jligheter f\u00f6r \u00f6vriga i panelen att kommentera och efter\u00e5t \u00e4r diskussionen fri f\u00f6r alla.<\/p>\n<p><strong>Program<\/strong><\/p>\n<p><strong>13.00<\/strong> Kjersti Bosdotter, ordf\u00f6rande Arbetarnas Kulturhistoriska S\u00e4llskap: Industrisamh\u00e4llets historia \u2013 bak\u00e5t och fram\u00e5t i tiden.<\/p>\n<p><strong>13.15-14.30<\/strong> Panelsamtal 1<\/p>\n<ul>\n<li>Barbro Budin, tidigare programansvarig p\u00e5 livs- och lantarbetareinternationalen IUL<\/li>\n<li>Jesper Eneroth, politiskt och kulturpolitiskt aktiv<\/li>\n<li>Anders Ferbe, ordf\u00f6rande i Jernarbetarnes Verkstadsklubb, tidigare ordf\u00f6rande IF Metall&nbsp;&nbsp;<\/li>\n<li>Maths Isacson, ekonomhistoriker, Uppsala Universitet<\/li>\n<li>Jeremias Lind, studierektor, Run\u00f6 Folkh\u00f6gskola<\/li>\n<li>Samtalsledare: Silke Neunsinger, Arbetarr\u00f6relsens arkiv och bibliotek<\/li>\n<\/ul>\n<p><strong>14.30-15.00<\/strong> Fika<\/p>\n<p><strong>15.00-16.15<\/strong> Panelsamtal 2<\/p>\n<ul>\n<li>H\u00e5kan Blomqvist, historiker, S\u00f6dert\u00f6rns h\u00f6gskola<\/li>\n<li>Thomas Fridh, studieombudsman, Socialdemokratiska Arbetarepartiet<\/li>\n<li>Anne-Marie Lindgren, skribent och ideolog, tidigare vid Arbetarr\u00f6relsens tankesmedja<\/li>\n<li>Marita Ulvskog, tidigare EU-parlamentariker och kulturminister<\/li>\n<li>Samtalsledare: Kjersti Bosdotter, AKS<\/li>\n<\/ul>\n<p><strong>16.15-16.30<\/strong> Silke Neunsinger: H\u00e4rifr\u00e5n till evigheten, men hur g\u00f6r vi? En summerande slutkommentar.&nbsp;&nbsp;<\/p>\n<p>&nbsp;<\/p>\n<p><strong>Plats: LO, Barnhusgatan 18<\/strong><\/p>\n<p>&nbsp;<\/p>\n","protected":false},"excerpt":{"rendered":"<p>Under seminariet diskuterar f\u00f6retr\u00e4dare f\u00f6r de fackliga och politiska grenarna av arbetarr\u00f6relsen tillsammans med forskare m\u00f6jligheter och strategier f\u00f6r att n\u00e5 ut med kunskapen om arbetarr\u00f6relsen historia. Seminariet \u00e4r \u00f6ppet [&hellip;]<\/p>\n","protected":false},"author":27,"featured_media":13668,"template":"","meta":{"ngg_post_thumbnail":0,"_tribe_events_status":"","_tribe_events_status_reason":"","footnotes":""},"tags":[213,472],"tribe_events_cat":[],"class_list":{"0":"post-13456","1":"tribe_events","2":"type-tribe_events","3":"status-publish","4":"has-post-thumbnail","6":"tag-arbetarhistoria","7":"tag-arbetarrorelsen","8":"czr-hentry"},"_links":{"self":[{"href":"https:\/\/arbark.se\/sv\/wp-json\/wp\/v2\/tribe_events\/13456","targetHints":{"allow":["GET"]}}],"collection":[{"href":"https:\/\/arbark.se\/sv\/wp-json\/wp\/v2\/tribe_events"}],"about":[{"href":"https:\/\/arbark.se\/sv\/wp-json\/wp\/v2\/types\/tribe_events"}],"author":[{"embeddable":true,"href":"https:\/\/arbark.se\/sv\/wp-json\/wp\/v2\/users\/27"}],"version-history":[{"count":11,"href":"https:\/\/arbark.se\/sv\/wp-json\/wp\/v2\/tribe_events\/13456\/revisions"}],"predecessor-version":[{"id":14142,"href":"https:\/\/arbark.se\/sv\/wp-json\/wp\/v2\/tribe_events\/13456\/revisions\/14142"}],"wp:featuredmedia":[{"embeddable":true,"href":"https:\/\/arbark.se\/sv\/wp-json\/wp\/v2\/media\/13668"}],"wp:attachment":[{"href":"https:\/\/arbark.se\/sv\/wp-json\/wp\/v2\/media?parent=13456"}],"wp:term":[{"taxonomy":"post_tag","embeddable":true,"href":"https:\/\/arbark.se\/sv\/wp-json\/wp\/v2\/tags?post=13456"},{"taxonomy":"tribe_events_cat","embeddable":true,"href":"https:\/\/arbark.se\/sv\/wp-json\/wp\/v2\/tribe_events_cat?post=13456"}],"curies":[{"name":"wp","href":"https:\/\/api.w.org\/{rel}","templated":true}]}}