{"id":13794,"date":"2020-01-15T16:42:01","date_gmt":"2020-01-15T15:42:01","guid":{"rendered":"https:\/\/arbark.se\/?post_type=tribe_events&#038;p=13794\/"},"modified":"2020-01-16T16:07:57","modified_gmt":"2020-01-16T15:07:57","slug":"paneldebatt-arkiv-i-rorelse","status":"publish","type":"tribe_events","link":"https:\/\/arbark.se\/sv\/events\/paneldebatt-arkiv-i-rorelse\/","title":{"rendered":"Paneldebatt: Arkiv i r\u00f6relse"},"content":{"rendered":"<p><span style=\"font-weight: inherit;\">V\u00e4lkommen till en paneldebatt om a<\/span><span style=\"font-family: Verdana, Geneva, sans-serif; font-weight: inherit;\">rkivens roll f\u00f6r ber\u00e4ttelsen om arbetare och deras i kamp v\u00e4rlden \u00f6ver f\u00f6r ett b\u00e4ttre liv!<\/span><\/p>\n<p>Arkiv kan vara lokala, regionala, nationella eller internationella. Ofta inneh\u00e5ller de material som handlar om den plats d\u00e4r de finns fysiskt, men det finns m\u00e5nga arkiv och arkivmaterial som har hamnat p\u00e5 en annan plats \u00e4n d\u00e4r historien en g\u00e5ng i tiden utspelade sig. Det g\u00e4ller till exempel arkiv fr\u00e5n de f\u00f6re detta kolonierna som hamnade i kolonisat\u00f6rernas l\u00e4nder, kommunistiska arkiv som samlades i Moskva och exilorganisationers arkiv som blev kvar i exillandet. Ska dessa arkiv l\u00e4mnas tillbaka? Kan de tillg\u00e4ngligg\u00f6ras p\u00e5 ett b\u00e4ttre s\u00e4tt? Och vad kan de bidra med f\u00f6r att skildra en global historia?&nbsp;<\/p>\n<p>Samtalet f\u00f6rs p\u00e5 engelska.<\/p>\n<p><strong>Samtalsledare:<\/strong> Geert van Goethem Amsab, Ghent.<\/p>\n<p><strong>Paneldeltagare:<\/strong> Andreas Adamasie (IISH, Amsterdam), Larissa Rosa Correa (Pontifical Catholic University of Rio de Janeiro, Brazil) , Chitra Joshi (Indraprastha College for Women, Delhi), \u00c5sa Lund Moberg (Nordic Africa Institute, Uppsala, Gunnel Cederl\u00f6f (Linn\u00e9 university, V\u00e4xj\u00f6), Ole Martin R\u00f8nning (Norwegian Labour Movement Archives and Library, Oslo).<\/p>\n","protected":false},"excerpt":{"rendered":"<p>V\u00e4lkommen till en paneldebatt om arkivens roll f\u00f6r ber\u00e4ttelsen om arbetare och deras i kamp v\u00e4rlden \u00f6ver f\u00f6r ett b\u00e4ttre liv! Arkiv kan vara lokala, regionala, nationella eller internationella. Ofta [&hellip;]<\/p>\n","protected":false},"author":1,"featured_media":13795,"template":"","meta":{"ngg_post_thumbnail":0,"_tribe_events_status":"","_tribe_events_status_reason":"","footnotes":""},"tags":[],"tribe_events_cat":[],"class_list":["post-13794","tribe_events","type-tribe_events","status-publish","has-post-thumbnail","czr-hentry"],"_links":{"self":[{"href":"https:\/\/arbark.se\/sv\/wp-json\/wp\/v2\/tribe_events\/13794","targetHints":{"allow":["GET"]}}],"collection":[{"href":"https:\/\/arbark.se\/sv\/wp-json\/wp\/v2\/tribe_events"}],"about":[{"href":"https:\/\/arbark.se\/sv\/wp-json\/wp\/v2\/types\/tribe_events"}],"author":[{"embeddable":true,"href":"https:\/\/arbark.se\/sv\/wp-json\/wp\/v2\/users\/1"}],"version-history":[{"count":1,"href":"https:\/\/arbark.se\/sv\/wp-json\/wp\/v2\/tribe_events\/13794\/revisions"}],"predecessor-version":[{"id":13796,"href":"https:\/\/arbark.se\/sv\/wp-json\/wp\/v2\/tribe_events\/13794\/revisions\/13796"}],"wp:featuredmedia":[{"embeddable":true,"href":"https:\/\/arbark.se\/sv\/wp-json\/wp\/v2\/media\/13795"}],"wp:attachment":[{"href":"https:\/\/arbark.se\/sv\/wp-json\/wp\/v2\/media?parent=13794"}],"wp:term":[{"taxonomy":"post_tag","embeddable":true,"href":"https:\/\/arbark.se\/sv\/wp-json\/wp\/v2\/tags?post=13794"},{"taxonomy":"tribe_events_cat","embeddable":true,"href":"https:\/\/arbark.se\/sv\/wp-json\/wp\/v2\/tribe_events_cat?post=13794"}],"curies":[{"name":"wp","href":"https:\/\/api.w.org\/{rel}","templated":true}]}}