{"id":19217,"date":"2023-02-27T18:13:44","date_gmt":"2023-02-27T17:13:44","guid":{"rendered":"https:\/\/arbark.se\/?post_type=tribe_events&#038;p=19217"},"modified":"2023-03-21T21:25:14","modified_gmt":"2023-03-21T20:25:14","slug":"brandtal-for-varldsrevolutionen-allan-wallenius-och-hans-roda-resor","status":"publish","type":"tribe_events","link":"https:\/\/arbark.se\/sv\/events\/brandtal-for-varldsrevolutionen-allan-wallenius-och-hans-roda-resor\/","title":{"rendered":"Brandtal f\u00f6r v\u00e4rldsrevolutionen &#8211; Allan Wallenius och hans r\u00f6da resor"},"content":{"rendered":"<p>Allan Wallenius (1890\u20131942) satte allt p\u00e5 ett kort n\u00e4r de r\u00f6da gjorde revolution 1918, och br\u00e4nde alla broar till Finland. Han h\u00f6rde till den grupp r\u00f6da som efter inb\u00f6rdeskriget flydde fr\u00e5n fr\u00e5n landet. Han r\u00f6rde sig i Sovjetryssland, Schweiz, Sverige och USA och f\u00f6rs\u00f6kte verka f\u00f6r revolution i Finland och i hela v\u00e4rlden. Han h\u00f6rde till de exilkommunister som r\u00e5kade ut f\u00f6r Stalins utrensningar p\u00e5 1930-talet; han d\u00f6mdes 1938 f\u00f6r f\u00f6rr\u00e4deri mot Sovjetunionen, och dog i f\u00e4ngelse \u00e5r 1942. \u2028\u2028Annvi Gardbergs och Matias Kaihovirtas biografi kastar ljus \u00f6ver en finlandssvensk kommunist som verkade i Kominterns innersta k\u00e4rna och vars livs\u00f6de str\u00e4ckte sig till flera l\u00e4nder och kontinenter.<\/p>\n<p>Annvi Gardberg \u00e4r gr\u00e4vande journalist vid bland annat YLE.<\/p>\n<p>Matias Kaihovirta \u00e4r historiker vid \u00c5bo akademi.<\/p>\n","protected":false},"excerpt":{"rendered":"<p>Allan Wallenius (1890\u20131942) satte allt p\u00e5 ett kort n\u00e4r de r\u00f6da gjorde revolution 1918, och br\u00e4nde alla broar till Finland. Han h\u00f6rde till den grupp r\u00f6da som efter inb\u00f6rdeskriget flydde [&hellip;]<\/p>\n","protected":false},"author":1,"featured_media":19218,"template":"","meta":{"ngg_post_thumbnail":0,"_tribe_events_status":"","_tribe_events_status_reason":"","footnotes":""},"tags":[],"tribe_events_cat":[],"class_list":["post-19217","tribe_events","type-tribe_events","status-publish","has-post-thumbnail","czr-hentry"],"_links":{"self":[{"href":"https:\/\/arbark.se\/sv\/wp-json\/wp\/v2\/tribe_events\/19217","targetHints":{"allow":["GET"]}}],"collection":[{"href":"https:\/\/arbark.se\/sv\/wp-json\/wp\/v2\/tribe_events"}],"about":[{"href":"https:\/\/arbark.se\/sv\/wp-json\/wp\/v2\/types\/tribe_events"}],"author":[{"embeddable":true,"href":"https:\/\/arbark.se\/sv\/wp-json\/wp\/v2\/users\/1"}],"version-history":[{"count":2,"href":"https:\/\/arbark.se\/sv\/wp-json\/wp\/v2\/tribe_events\/19217\/revisions"}],"predecessor-version":[{"id":19298,"href":"https:\/\/arbark.se\/sv\/wp-json\/wp\/v2\/tribe_events\/19217\/revisions\/19298"}],"wp:featuredmedia":[{"embeddable":true,"href":"https:\/\/arbark.se\/sv\/wp-json\/wp\/v2\/media\/19218"}],"wp:attachment":[{"href":"https:\/\/arbark.se\/sv\/wp-json\/wp\/v2\/media?parent=19217"}],"wp:term":[{"taxonomy":"post_tag","embeddable":true,"href":"https:\/\/arbark.se\/sv\/wp-json\/wp\/v2\/tags?post=19217"},{"taxonomy":"tribe_events_cat","embeddable":true,"href":"https:\/\/arbark.se\/sv\/wp-json\/wp\/v2\/tribe_events_cat?post=19217"}],"curies":[{"name":"wp","href":"https:\/\/api.w.org\/{rel}","templated":true}]}}