{"id":20703,"date":"2025-01-21T16:57:43","date_gmt":"2025-01-21T15:57:43","guid":{"rendered":"https:\/\/arbark.se\/?post_type=tribe_events&#038;p=20703"},"modified":"2025-09-09T08:49:18","modified_gmt":"2025-09-09T06:49:18","slug":"vi-somma-i-silke-och-siden-vi-somma-i-rott-och-gull-en-skrift-i-bild-och-ord-om-kvinnofanor","status":"publish","type":"tribe_events","link":"https:\/\/arbark.se\/sv\/events\/vi-somma-i-silke-och-siden-vi-somma-i-rott-och-gull-en-skrift-i-bild-och-ord-om-kvinnofanor\/","title":{"rendered":"\u201dVi s\u00f6mma i silke och siden \u2013 Vi s\u00f6mma i r\u00f6tt och gull\u201d: en skrift i bild och ord om kvinnofanor."},"content":{"rendered":"<p class=\"p2\"><span class=\"s1\">I n\u00e4ra 150 \u00e5r har kvinnor i arbetarr\u00f6relsen samlats kring sina fanor f\u00f6r att kr\u00e4va r\u00e4ttvisa och inflytande i arbetsliv och samh\u00e4lle. Fanan blev symbolen f\u00f6r sammanh\u00e5llning och kamp.<\/span><\/p>\n<p class=\"p2\"><span class=\"s1\">Med stora uppoffringar skaffade kvinnoorganisationerna sina fanor \u2013 m\u00e5nga g\u00e5nger tillverkade man fanorna sj\u00e4lva genom att sy och brodera. Motiven p\u00e5 fanorna och deviserna som uttrycker tydliga krav genom \u00e5rtiondena g\u00f6r att vi kan f\u00f6lja vilka fr\u00e5gor som var viktiga f\u00f6r kvinnorna i olika tider \u2013 fred, r\u00f6str\u00e4tt, j\u00e4mlikhet och demokrati.<\/span><\/p>\n<p class=\"p2\"><span class=\"s1\">Margareta St\u00e5hl \u00e4r forskare och arkivarie. Hon har tidigare bland annat skrivit om arbetarr\u00f6relsens konst och fansamlingarna p\u00e5 ARAB.<\/span><\/p>\n<p>Anv\u00e4nd l\u00e4nken nedan f\u00f6r att komma till webinariet.<\/p>\n","protected":false},"excerpt":{"rendered":"<p>I n\u00e4ra 150 \u00e5r har kvinnor i arbetarr\u00f6relsen samlats kring sina fanor f\u00f6r att kr\u00e4va r\u00e4ttvisa och inflytande i arbetsliv och samh\u00e4lle. Fanan blev symbolen f\u00f6r sammanh\u00e5llning och kamp. Med [&hellip;]<\/p>\n","protected":false},"author":1,"featured_media":21073,"template":"","meta":{"ngg_post_thumbnail":0,"_tribe_events_status":"","_tribe_events_status_reason":"","footnotes":""},"tags":[40,2924,101700,101686],"tribe_events_cat":[],"class_list":{"0":"post-20703","1":"tribe_events","2":"type-tribe_events","3":"status-publish","4":"has-post-thumbnail","6":"tag-fanor","7":"tag-konst-sv","8":"tag-kvinnororelser","9":"tag-webinarium","10":"czr-hentry"},"_links":{"self":[{"href":"https:\/\/arbark.se\/sv\/wp-json\/wp\/v2\/tribe_events\/20703","targetHints":{"allow":["GET"]}}],"collection":[{"href":"https:\/\/arbark.se\/sv\/wp-json\/wp\/v2\/tribe_events"}],"about":[{"href":"https:\/\/arbark.se\/sv\/wp-json\/wp\/v2\/types\/tribe_events"}],"author":[{"embeddable":true,"href":"https:\/\/arbark.se\/sv\/wp-json\/wp\/v2\/users\/1"}],"version-history":[{"count":5,"href":"https:\/\/arbark.se\/sv\/wp-json\/wp\/v2\/tribe_events\/20703\/revisions"}],"predecessor-version":[{"id":21072,"href":"https:\/\/arbark.se\/sv\/wp-json\/wp\/v2\/tribe_events\/20703\/revisions\/21072"}],"wp:featuredmedia":[{"embeddable":true,"href":"https:\/\/arbark.se\/sv\/wp-json\/wp\/v2\/media\/21073"}],"wp:attachment":[{"href":"https:\/\/arbark.se\/sv\/wp-json\/wp\/v2\/media?parent=20703"}],"wp:term":[{"taxonomy":"post_tag","embeddable":true,"href":"https:\/\/arbark.se\/sv\/wp-json\/wp\/v2\/tags?post=20703"},{"taxonomy":"tribe_events_cat","embeddable":true,"href":"https:\/\/arbark.se\/sv\/wp-json\/wp\/v2\/tribe_events_cat?post=20703"}],"curies":[{"name":"wp","href":"https:\/\/api.w.org\/{rel}","templated":true}]}}