{"id":21810,"date":"2026-02-04T12:49:51","date_gmt":"2026-02-04T11:49:51","guid":{"rendered":"https:\/\/arbark.se\/?post_type=tribe_events&#038;p=21810"},"modified":"2026-02-19T13:09:14","modified_gmt":"2026-02-19T12:09:14","slug":"mellankrigstid-efterkrigstid-och-kampen-om-framtiden","status":"publish","type":"tribe_events","link":"https:\/\/arbark.se\/sv\/events\/mellankrigstid-efterkrigstid-och-kampen-om-framtiden\/","title":{"rendered":"Mellankrigstid, efterkrigstid och kampen om framtiden &#8211; Seminarium med historikerna Yvonne Hirdman och Urban Lundberg"},"content":{"rendered":"<p><strong>Mellankrigstiden och efterkrigstiden<\/strong> \u00e4r tv\u00e5 avg\u00f6rande epoker i Sveriges moderna historia. Det var d\u00e5 demokratin pr\u00f6vades och f\u00f6rdjupades, v\u00e4lf\u00e4rdsbygget tog form och nya id\u00e9er om samh\u00e4lle, arbete och vardagsliv v\u00e4xte fram \u2013 ofta under konfliktfyllda och os\u00e4kra omst\u00e4ndigheter.<br \/>\nI detta seminarium presenterar Yvonne Hirdman och Urban Lundberg sina b\u00f6cker Mellankrigstider och Efterkrigstider. Tillsammans belyser de hur demokrati, v\u00e4lf\u00e4rd och samh\u00e4llsvisioner utvecklades \u00f6ver tid, vilka v\u00e4gval som gjordes och vilka sp\u00e4nningar som pr\u00e4glade samh\u00e4llsbygget.<\/p>\n<p>Mellankrigstiden framst\u00e5r som en period av politisk instabilitet och ekonomiska kriser, men ocks\u00e5 av id\u00e9utveckling och framtidstro. Demokratin var ny och omstridd, och tankar om social, ekonomisk och kulturell demokrati tog form parallellt med folkbildning, nya medier och ett v\u00e4xande intresse f\u00f6r tidigare osynliggjorda erfarenheter.<\/p>\n<p>Efterkrigstiden k\u00e4nnetecknas av snabb modernisering, omfattande reformarbete och ekonomisk tillv\u00e4xt. Samtidigt rymde perioden nya konflikter och begr\u00e4nsningar, och dess starka framtidstro har i efterhand blivit f\u00f6rem\u00e5l f\u00f6r ompr\u00f6vning. \u00c4n i dag spelar efterkrigstiden en central roll i politiska och historiska diskussioner.<\/p>\n<p>Efter presentationerna f\u00f6ljer ett samtal och publikdiskussion om historiens betydelse: varf\u00f6r vi beh\u00f6ver k\u00e4nna till mellankrigs- och efterkrigstiden, hur dessa erfarenheter kan hj\u00e4lpa oss att tolka v\u00e5r samtid och p\u00e5 vilket s\u00e4tt historisk kunskap kan vara ett redskap i t\u00e4nkandet om framtiden.<\/p>\n<p><strong>Medverkande:<\/strong><br \/>\nYvonne Hirdman, historiker<br \/>\nUrban Lundberg, historiker<br \/>\nKjersti Bosdotter, ordf\u00f6rande i Arbetarnas kulturhistoriska s\u00e4llskap<br \/>\nSilke Neunsinger, ARABs forskningsledare<\/p>\n<p>&nbsp;<\/p>\n","protected":false},"excerpt":{"rendered":"<p>Mellankrigstiden och efterkrigstiden \u00e4r tv\u00e5 avg\u00f6rande epoker i Sveriges moderna historia. Det var d\u00e5 demokratin pr\u00f6vades och f\u00f6rdjupades, v\u00e4lf\u00e4rdsbygget tog form och nya id\u00e9er om samh\u00e4lle, arbete och vardagsliv v\u00e4xte [&hellip;]<\/p>\n","protected":false},"author":27,"featured_media":21955,"template":"","meta":{"ngg_post_thumbnail":0,"_tribe_events_status":"","_tribe_events_status_reason":"","footnotes":""},"tags":[256,101719,3612,3353,101720],"tribe_events_cat":[],"class_list":{"0":"post-21810","1":"tribe_events","2":"type-tribe_events","3":"status-publish","4":"has-post-thumbnail","6":"tag-demokrati","7":"tag-efterkrigstiden","8":"tag-folkbildning-sv","9":"tag-mellankrigstiden-sv","10":"tag-sveriges-historia","11":"czr-hentry"},"_links":{"self":[{"href":"https:\/\/arbark.se\/sv\/wp-json\/wp\/v2\/tribe_events\/21810","targetHints":{"allow":["GET"]}}],"collection":[{"href":"https:\/\/arbark.se\/sv\/wp-json\/wp\/v2\/tribe_events"}],"about":[{"href":"https:\/\/arbark.se\/sv\/wp-json\/wp\/v2\/types\/tribe_events"}],"author":[{"embeddable":true,"href":"https:\/\/arbark.se\/sv\/wp-json\/wp\/v2\/users\/27"}],"version-history":[{"count":1,"href":"https:\/\/arbark.se\/sv\/wp-json\/wp\/v2\/tribe_events\/21810\/revisions"}],"predecessor-version":[{"id":21813,"href":"https:\/\/arbark.se\/sv\/wp-json\/wp\/v2\/tribe_events\/21810\/revisions\/21813"}],"wp:featuredmedia":[{"embeddable":true,"href":"https:\/\/arbark.se\/sv\/wp-json\/wp\/v2\/media\/21955"}],"wp:attachment":[{"href":"https:\/\/arbark.se\/sv\/wp-json\/wp\/v2\/media?parent=21810"}],"wp:term":[{"taxonomy":"post_tag","embeddable":true,"href":"https:\/\/arbark.se\/sv\/wp-json\/wp\/v2\/tags?post=21810"},{"taxonomy":"tribe_events_cat","embeddable":true,"href":"https:\/\/arbark.se\/sv\/wp-json\/wp\/v2\/tribe_events_cat?post=21810"}],"curies":[{"name":"wp","href":"https:\/\/api.w.org\/{rel}","templated":true}]}}