{"id":21814,"date":"2026-02-04T12:49:46","date_gmt":"2026-02-04T11:49:46","guid":{"rendered":"https:\/\/arbark.se\/?post_type=tribe_events&#038;p=21814"},"modified":"2026-02-19T14:07:00","modified_gmt":"2026-02-19T13:07:00","slug":"arbetets-och-forsorjningens-utmarker-seminarium-med-bokens-redaktorer-och-efterfoljande-samtal","status":"publish","type":"tribe_events","link":"https:\/\/arbark.se\/sv\/events\/arbetets-och-forsorjningens-utmarker-seminarium-med-bokens-redaktorer-och-efterfoljande-samtal\/","title":{"rendered":"Arbetets och f\u00f6rs\u00f6rjningens utmarker: Seminarium med bokens redakt\u00f6rer och efterf\u00f6ljande samtal"},"content":{"rendered":"<p><strong>Vad r\u00e4knas som arbete? Vem har setts som f\u00f6rs\u00f6rjd \u2013 och p\u00e5 vilka villkor?<\/strong><\/p>\n<p>Synen p\u00e5 arbete och f\u00f6rs\u00f6rjning har varierat \u00f6ver tid, liksom gr\u00e4nserna f\u00f6r vad som betraktats som legitimt, respektabelt eller \u00f6nskv\u00e4rt. D\u00e4r normer har funnits har ocks\u00e5 m\u00e4nniskor befunnit sig i deras utkanter.<br \/>\nAntologin <em>Arbetets och f\u00f6rs\u00f6rjningens utmarker<\/em> unders\u00f6ker m\u00e4nniskor som i Sverige, fr\u00e5n 1700-talet och fram\u00e5t, brutit mot r\u00e5dande normer f\u00f6r arbete och f\u00f6rs\u00f6rjning. Genom elva bidrag \u2013 skrivna fr\u00e4mst av historiker men \u00e4ven av forskare inom andra discipliner \u2013 skildras individer och grupper som f\u00f6rs\u00f6rjt sig p\u00e5 s\u00e4tt som inte varit normativt accepterade, s\u00e5som tjuvar, prostituerade och professionella idrottare.<br \/>\nBoken f\u00f6ljer utvecklingen fr\u00e5n det \u00e4ldre samh\u00e4llets tj\u00e4nstetv\u00e5ng, via l\u00f6nearbetets genombrott och efterkrigstidens arbetsmarknad, till v\u00e5r tids mer fragmenterade arbetsliv d\u00e4r frilansarbete, gig och os\u00e4kra f\u00f6rs\u00f6rjningsformer har blivit allt vanligare. Antologin \u00e4r akademisk till sin grund men skriven f\u00f6r en bredare l\u00e4sekrets med intresse f\u00f6r arbete, f\u00f6rs\u00f6rjning och sociala gr\u00e4nsdragningar i historiskt perspektiv.<\/p>\n<p>Vid seminariet presenterar Magnus Olofsson, en av bokens redakt\u00f6rer, antologins teman och resultat. D\u00e4refter f\u00f6ljer ett samtal med Stefan Carl\u00e9n, chefsekonom vid Handelsanst\u00e4lldas f\u00f6rbund, som diskuterar bokens historiska perspektiv i relation till dagens arbetsmarknad och f\u00f6rs\u00f6rjningsvillkor.<br \/>\nSeminariet avslutas med fr\u00e5gor och diskussion med publiken.<\/p>\n<p>&nbsp;<\/p>\n","protected":false},"excerpt":{"rendered":"<p>Vad r\u00e4knas som arbete? Vem har setts som f\u00f6rs\u00f6rjd \u2013 och p\u00e5 vilka villkor? Synen p\u00e5 arbete och f\u00f6rs\u00f6rjning har varierat \u00f6ver tid, liksom gr\u00e4nserna f\u00f6r vad som betraktats som [&hellip;]<\/p>\n","protected":false},"author":27,"featured_media":21953,"template":"","meta":{"ngg_post_thumbnail":0,"_tribe_events_status":"","_tribe_events_status_reason":"","footnotes":""},"tags":[3738,3444,101721,643],"tribe_events_cat":[],"class_list":{"0":"post-21814","1":"tribe_events","2":"type-tribe_events","3":"status-publish","4":"has-post-thumbnail","6":"tag-arbete-sv","7":"tag-arbetsvillkor-sv","8":"tag-forsorjning","9":"tag-sociala-forhallanden","10":"czr-hentry"},"_links":{"self":[{"href":"https:\/\/arbark.se\/sv\/wp-json\/wp\/v2\/tribe_events\/21814","targetHints":{"allow":["GET"]}}],"collection":[{"href":"https:\/\/arbark.se\/sv\/wp-json\/wp\/v2\/tribe_events"}],"about":[{"href":"https:\/\/arbark.se\/sv\/wp-json\/wp\/v2\/types\/tribe_events"}],"author":[{"embeddable":true,"href":"https:\/\/arbark.se\/sv\/wp-json\/wp\/v2\/users\/27"}],"version-history":[{"count":1,"href":"https:\/\/arbark.se\/sv\/wp-json\/wp\/v2\/tribe_events\/21814\/revisions"}],"predecessor-version":[{"id":21817,"href":"https:\/\/arbark.se\/sv\/wp-json\/wp\/v2\/tribe_events\/21814\/revisions\/21817"}],"wp:featuredmedia":[{"embeddable":true,"href":"https:\/\/arbark.se\/sv\/wp-json\/wp\/v2\/media\/21953"}],"wp:attachment":[{"href":"https:\/\/arbark.se\/sv\/wp-json\/wp\/v2\/media?parent=21814"}],"wp:term":[{"taxonomy":"post_tag","embeddable":true,"href":"https:\/\/arbark.se\/sv\/wp-json\/wp\/v2\/tags?post=21814"},{"taxonomy":"tribe_events_cat","embeddable":true,"href":"https:\/\/arbark.se\/sv\/wp-json\/wp\/v2\/tribe_events_cat?post=21814"}],"curies":[{"name":"wp","href":"https:\/\/api.w.org\/{rel}","templated":true}]}}